{"id":5788,"date":"2025-09-08T05:00:11","date_gmt":"2025-09-08T05:00:11","guid":{"rendered":"https:\/\/jobcenter.lra-sm.de\/?page_id=5788"},"modified":"2025-09-08T06:14:23","modified_gmt":"2025-09-08T06:14:23","slug":"buergergeld-antragsunterlagen-hier-verfuegbar","status":"publish","type":"page","link":"https:\/\/jobcenter.lra-sm.de\/?page_id=5788","title":{"rendered":"B\u00fcrgergeld &#8211; Antragsunterlagen hier verf\u00fcgbar"},"content":{"rendered":"<p><a href=\"https:\/\/jobcenter.lra-sm.de\/wp-content\/uploads\/2023\/03\/Buergergeld.jpg\"><img loading=\"lazy\" decoding=\"async\" class=\"size-medium wp-image-5790 alignright\" src=\"https:\/\/jobcenter.lra-sm.de\/wp-content\/uploads\/2023\/03\/Buergergeld-300x169.jpg\" alt=\"\" width=\"300\" height=\"169\" \/><\/a>Mit Wirkung zum 01. Januar 2023 ist das neue B\u00fcrgergeld in Kraft getreten und l\u00f6st das bis dahin g\u00fcltige Arbeitslosengeld II ab.<\/p>\n<p>F\u00fcr alle B\u00fcrgerinnen und B\u00fcrger, die bisher Arbeitslosengeld II erhalten haben, entsteht hierdurch kein Handlungsbedarf. Sie erhalten das B\u00fcrgergeld ab 01.01.2023 automatisch und m\u00fcssen dies nicht extra beantragen.<\/p>\n<p><span style=\"color: #339966;\"><strong>Das B\u00fcrgergeld umfasst folgende Sonderregelungen f\u00fcr die ersten 12 Monate des Leistungsbezuges:<\/strong><\/span><\/p>\n<ul>\n<li>Karenzzeit f\u00fcr Verm\u00f6gen (nur erhebliches Verm\u00f6gen wird ber\u00fccksichtigt, das sind 40.000 \u20ac f\u00fcr den Antragsteller und 15.000 \u20ac f\u00fcr jedes weitere Mitglied der Bedarfsgemeinschaft),<\/li>\n<li>Karenzzeit f\u00fcr Kosten der Unterkunft und damit einhergehend die \u00dcbernahme der tats\u00e4chlichen Unterkunftskosten und angemessenen Heizkosten.<\/li>\n<\/ul>\n<p>Die zur Beantragung des B\u00fcrgergeldes erforderlichen Antragsunterlagen haben wir Ihnen im nachfolgenden Text aufgef\u00fchrt.<\/p>\n<p>Wenn Sie erst einmal ermitteln wollen, ob Sie einen Anspruch auf B\u00fcrgergeld h\u00e4tten, dann k\u00f6nnen Sie \u00fcber den <strong><a href=\"https:\/\/jobcenter.lra-sm.de\/?page_id=5671\">B\u00fcrgergeld Rechner der Caritas<\/a><\/strong> Ihren m\u00f6glichen Anspruch ermitteln (die Ergebnisse sind ohne Gew\u00e4hr und in Abh\u00e4ngigkeit der Vollst\u00e4ndigkeit Ihrer Eingaben zu betrachten).<\/p>\n<p>Um Ihnen und den Mitgliedern der Bedarfsgemeinschaft schnell und unb\u00fcrokratisch die Ihnen zustehenden Leistungen auszahlen zu k\u00f6nnen, bitten wir Sie darum, in jedem Falle die<span style=\"color: #339966;\"> <strong>folgenden Unterlagen immer auszuf\u00fcllen und uns vorzulegen:\u00a0<\/strong><\/span><\/p>\n<p><a href=\"https:\/\/jobcenter.lra-sm.de\/wp-content\/uploads\/2024\/11\/Hauptantrag-Buergergeld-mit-BuT-11.2024.pdf\" download=\"\"><strong>Hauptantrag<\/strong><\/a><br \/>\n<strong><a href=\"https:\/\/jobcenter.lra-sm.de\/wp-content\/uploads\/2023\/09\/17._Anlage-EK-Einommensverhaeltnisse-einzelne-BG-Mitglieder_08.2023.pdf\" download=\"\">Anlage Einkommen (f\u00fcr alle Personen ab 15 Jahre)<\/a><\/strong><br \/>\n<a href=\"https:\/\/jobcenter.lra-sm.de\/wp-content\/uploads\/2024\/08\/Anlage-VM-Vermoegen-Stand-08-2024.pdf\" download=\"\"><strong>Anlage Verm\u00f6gen (als Selbstauskunft f\u00fcr alle Mitglieder der Bedarfsgemeinschaft auszuf\u00fcllen)<\/strong><\/a><br \/>\n<em>nur f\u00fcr Selbstst\u00e4ndige:<\/em> <a href=\"https:\/\/jobcenter.lra-sm.de\/wp-content\/uploads\/2023\/03\/22_Anlage-EKS_KJC-01.2023.pdf\" download=\"\"><strong>Anlage EKS<\/strong><\/a><br \/>\n<strong><a href=\"https:\/\/jobcenter.lra-sm.de\/wp-content\/uploads\/2025\/09\/Anlage_KDU_09.2025-1.pdf\" download=\"\">Anlage KDU (f\u00fcr Wohnkosten bei Mietwohnung bzw. Eigenheim)<\/a><\/strong><\/p>\n<p>______________________________________________________________<\/p>\n<p>Sie leben mit Ihrem <strong><span style=\"color: #339966;\">(Ehe-)Partner \/ Ihrer (Ehe-)Partnerin<\/span><\/strong> zusammen? Dann f\u00fcllen Sie bitte die<span style=\"color: #99ccff;\"> <strong><a href=\"https:\/\/jobcenter.lra-sm.de\/wp-content\/uploads\/2023\/09\/13._Anlage-WEP-08.2023.pdf\" download=\"\">Anlage WEP<\/a><\/strong>\u00a0<\/span>aus.<br \/>\nHaben Sie <span style=\"color: #339966;\"><strong>Kinder in Ihrer Bedarfsgemeinschaft<\/strong><\/span>? Je nachdem, wie alt Ihre Kinder sind, f\u00fcllen Sie bitte die nachfolgenden Anlagen aus:<br \/>\n<em>Kinder unter 15 Jahre: <\/em><strong><a href=\"https:\/\/jobcenter.lra-sm.de\/wp-content\/uploads\/2023\/09\/21._Anlage-KI-08.2023.pdf\" download=\"\">Anlage KI<\/a><\/strong><em><br \/>\nKinder ab 15 Jahre:\u00a0<\/em><strong><a href=\"https:\/\/jobcenter.lra-sm.de\/wp-content\/uploads\/2023\/09\/13._Anlage-WEP-08.2023.pdf\" download=\"\">Anlage WEP<\/a><\/strong><\/p>\n<p>(Bitte beachten Sie, dass Sie f\u00fcr Ihre Kinder auch Leistungen aus dem <span style=\"color: #339966;\"><strong>Bildungs- und Teilhabepake<\/strong>t<\/span> beziehen k\u00f6nnen. Die Beantragung ist vom Hauptantrag mit umfasst, das hei\u00dft, diesen Antrag brauchen Sie\u00a0<strong><u>NICHT<\/u>\u00a0ausf\u00fcllen<\/strong>, wenn Sie\u00a0<b>B\u00fcrgergeld<\/b> beziehen, denn dann haben Sie die Leistungen bereits mit Ihrem B\u00fcrgergeld-Antrag beantragt. Wenn Sie kein B\u00fcrgergeld erhalten, dann sind je nach Leistungsart entsprechende Anlagen auszuf\u00fcllen, welche Sie <a href=\"https:\/\/jobcenter.lra-sm.de\/?page_id=250\"><strong>hier<\/strong><\/a> finden.)<br \/>\n______________________________________________________________<\/p>\n<p>Sie sind <span style=\"color: #339966;\"><strong>\u00fcber\u00a025 Jahre und leben mit Ihren Eltern zusammen<\/strong><\/span>? Oder <span style=\"color: #339966;\"><strong>Sie leben mit sonstigen Verwandten (Onkel, Tanten, Gro\u00dfeltern etc.) zusammen<\/strong><\/span>?<br \/>\nDann f\u00fcllen Sie bitte f\u00fcr jede Person die<br \/>\n<strong><a href=\"https:\/\/jobcenter.lra-sm.de\/wp-content\/uploads\/2023\/09\/15._Anlage-HG-Hilfebeduerftigkeit-in-der-HG-08.2023.pdf\" download=\"\">Anlage HG<\/a> <\/strong>aus.<br \/>\n______________________________________________________________<\/p>\n<p>Sie leben in einer<span style=\"color: #339966;\"><strong> ehe\u00e4hnlichen Gemeinschaft zusammen<\/strong><\/span>?<br \/>\nDann f\u00fcllen Sie bitte die<br \/>\n<strong><a href=\"https:\/\/jobcenter.lra-sm.de\/wp-content\/uploads\/2023\/09\/11._Anlage-VE-Verantwortungs-und-Einstehensgemeinschaft-08.2023.pdf\" download=\"\">Anlage VE<\/a><\/strong> aus.<br \/>\n______________________________________________________________<\/p>\n<p>Sie erhalten <span style=\"color: #339966;\"><strong>Unterhalt<\/strong><\/span> bzw. haben <strong><span style=\"color: #339966;\">Anspruch auf die Gew\u00e4hrung von Unterhalt f\u00fcr sich und\/oder ihre Kinder<\/span><\/strong>?<br \/>\nDann f\u00fcllen Sie bitte die<br \/>\n<strong><a href=\"https:\/\/jobcenter.lra-sm.de\/wp-content\/uploads\/2023\/09\/7._Anlage-UH-1-08.23.pdf\" download=\"\">Anlage UH 1 (Trennungsunterhalt oder nachehelicher Unterhalt)<\/a><\/strong><br \/>\n<strong><a href=\"https:\/\/jobcenter.lra-sm.de\/wp-content\/uploads\/2023\/09\/8._Anlage-UH-2-08.2023.pdf\" download=\"\">Anlage UH 2 (Unterhaltsanspruch aus Schwangerschaft bzw. wegen der Betreuung von nichtehelichen Kindern<\/a><\/strong><br \/>\n<a href=\"https:\/\/jobcenter.lra-sm.de\/wp-content\/uploads\/2023\/09\/9._Anlage-UH-3-08.2023.pdf\" download=\"\"><strong>Anlage UH3 (Unterhaltsanspruch f\u00fcr Kinder unter 25 Jahre)<\/strong><\/a><\/p>\n<p>______________________________________________________________<br \/>\nSie m\u00f6chten einen <span style=\"color: #339966;\"><strong>Mehrbedarf<\/strong><\/span> beantragen, z.B. weil Sie schwanger sind oder eine kostenaufw\u00e4ndige Ern\u00e4hrung ben\u00f6tigen?<br \/>\nDann f\u00fcllen Sie bitte<br \/>\n<strong><a href=\"https:\/\/jobcenter.lra-sm.de\/wp-content\/uploads\/2023\/09\/16._Anlage-MEB-08.2023.pdf\" download=\"\">Anlage Mehrbedarf (MEB)<\/a><\/strong> aus.<br \/>\n______________________________________________________________<\/p>\n<p>Wenn Sie Unterst\u00fctzung beim Ausf\u00fcllen der Antragsunterlagen ben\u00f6tigen, k\u00f6nnen Ihnen nachfolgende Ausf\u00fcllhinweise behilflich sein:<br \/>\n<strong><a href=\"https:\/\/jobcenter.lra-sm.de\/wp-content\/uploads\/2024\/05\/Ausfuellhinweise-zum-Hauptantrag-05_2024-2.pdf\" download=\"\">Ausf\u00fcllhinweise Hauptantrag<\/a><\/strong><br \/>\n<strong><a href=\"https:\/\/jobcenter.lra-sm.de\/wp-content\/uploads\/2023\/09\/2.1_Ausfuellhinweise-zur-Einkommensbescheinigung-08.2023.pdf\" download=\"\">Ausf\u00fcllhinweise zur Einkommensbescheinigung<\/a><\/strong><br \/>\n<strong><a href=\"https:\/\/jobcenter.lra-sm.de\/wp-content\/uploads\/2023\/09\/20.1_Hinweise-fuer-Selbstaendige-08.2023.pdf\" download=\"\">Hinweise f\u00fcr Selbstst\u00e4ndige<\/a><\/strong><\/p>\n<p>______________________________________________________________<br \/>\nBitte beachten Sie, dass an dieser Stelle nicht alle verf\u00fcgbaren Antragsvordrucke eingestellt sind, sondern nur diejenigen, welche regelhaft im Rahmen der Beantragung von B\u00fcrgergeld zur Anwendung kommen.<\/p>\n<p>Alle Antragsvordrucke und Hinweisbl\u00e4tter finden Sie geb\u00fcndelt <a href=\"https:\/\/jobcenter.lra-sm.de\/?page_id=2632\"><strong>hier<\/strong><\/a>.<\/p>\n<p>Zur Abgabe der Antragsunterlagen vereinbaren Sie bitte einen Termin f\u00fcr ein pers\u00f6nliches Gespr\u00e4ch mit uns.<br \/>\nSie k\u00f6nnen uns via Mail \u00fcber die <a href=\"mailto:servicestelle_jobcenter@lra-sm.de\">servicestelle_jobcenter@lra-sm.de<\/a> oder telefonisch unter der 03693\/4858444 kontaktieren.<\/p>\n<p>&nbsp;<\/p>\n<div  class=\"mp-row-fluid motopress-row\">\n<div class=\"mp-span10 motopress-clmn\">\n<div class=\"motopress-accordion-obj motopress-accordion\" id=\"69ede0d8a67c2\">\n<div class=\"motopress-accordion-item\">\n<h3>Kontakt<\/h3>\n<div>\n<strong>Meiningen:<br \/>\n<\/strong>Landratsamt Schmalkalden-Meiningen<br \/>\nFachbereich Arbeit &#8211; FD Sicherung des Lebensunterhalts Meiningen<br \/>\nObertsh\u00e4user Platz 1<br \/>\n98617 Meiningen<br \/>\nTel.: 03693 \u00a0485 8444<br \/>\nE-Mail: <a href=\"mailto:sst_jobcenter@lra-sm.de\">sst_jobcenter(a)lra-sm.de<\/a><\/p>\n<p><strong><a href=\"https:\/\/jobcenter.lra-sm.de\/wp-content\/uploads\/2020\/10\/Einwilligung-E-Mail-Kommunikation.pdf\" download=\"=\">Einwilligung<\/a>\u00a0<\/strong>zur Nutzung der E-Mail-Kommunikation mit dem Kommunalen Jobcenter<\/p>\n<p>Bitte nutzen Sie unser<a href=\"https:\/\/jobcenter.lra-sm.de\/?page_id=246\"><strong> Kontaktformular<\/strong><\/a>.\n<\/div>\n<\/div>\n<p>[\/mp_accordion_item] <\/p>\n<div class=\"motopress-accordion-item\">\n<h3>Informationen nach der DSGVO<\/h3>\n<div> <a href=\"https:\/\/jobcenter.lra-sm.de\/wp-content\/uploads\/2023\/03\/NEU_03_2023_Vorlage-Infopflicht-Art.-13-und-14-DSGVO-1.pdf\" download=\"\">Informationen nach der DSGVO<\/a> <\/div>\n<\/div>\n<div class=\"motopress-accordion-item\">\n<h3>Merkblatt Grundsicherung f\u00fcr Arbeitsuchende SGB II des Kommunalen Jobcenters<\/h3>\n<div>\n<p><a href=\"https:\/\/jobcenter.lra-sm.de\/wp-content\/uploads\/2024\/06\/LRA-Merkblatt-SGB-II_06-2024-1.pdf\" download=\"\"><img loading=\"lazy\" decoding=\"async\" class=\"alignnone size-medium wp-image-6232\" src=\"https:\/\/jobcenter.lra-sm.de\/wp-content\/uploads\/2024\/06\/Merkblatt-Deckblatt-214x300.png\" alt=\"\" width=\"214\" height=\"300\" \/><\/a><\/p>\n<p>&nbsp;<\/p>\n<\/div>\n<\/div>\n<div class=\"motopress-accordion-item\">\n<h3>Merkbl\u00e4tter \/ Informationen<\/h3>\n<div> <a href=\"https:\/\/jobcenter.lra-sm.de\/?page_id=1343\">Informationen zur Antragstellung B\u00fcrgergeld und zu geplantem Umzug finden Sie hier in verschiedenen Sprachen.<\/a>\n<\/div>\n<\/div>\n<p class=\"motopress-hide-script\"><script type=\"text\/javascript\">\n                jQuery(document).ready(function($) {\n                    var mpAccordion = $(\".motopress-accordion-obj#69ede0d8a67c2\");\n                    if (mpAccordion.data(\"uiAccordion\")) {\n                        mpAccordion.accordion(\"destroy\");\n                    }\n                    mpAccordion.accordion({\n                        active: false,\n                        collapsible: true,\n                        header: \"> div > h3\",\n                        heightStyle: \"content\"\n                    });\n                });\n                <\/script><\/p>\n<\/div><\/div>\n<\/p><\/div>\n<p>&nbsp;<\/p>\n<p>&nbsp;<\/p>\n","protected":false},"excerpt":{"rendered":"Mit Wirkung zum 01. Januar 2023 ist das neue B\u00fcrgergeld in Kraft getreten und l\u00f6st das bis dahin g\u00fcltige Arbeitslosengeld II ab. F\u00fcr alle B\u00fcrgerinnen und B\u00fcrger, die bisher Arbeitslosengeld II erhalten haben, entsteht hierdurch kein Handlungsbedarf. Sie erhalten das B\u00fcrgergeld ab 01.01.2023 automatisch und m\u00fcssen dies nicht extra beantragen. Das B\u00fcrgergeld umfasst folgende Sonderregelungen [&hellip;]","protected":false},"author":5,"featured_media":0,"parent":0,"menu_order":0,"comment_status":"closed","ping_status":"closed","template":"","meta":{"_et_pb_use_builder":"","_et_pb_old_content":"","_et_gb_content_width":"","footnotes":""},"class_list":["post-5788","page","type-page","status-publish","hentry"],"_links":{"self":[{"href":"https:\/\/jobcenter.lra-sm.de\/index.php?rest_route=\/wp\/v2\/pages\/5788","targetHints":{"allow":["GET"]}}],"collection":[{"href":"https:\/\/jobcenter.lra-sm.de\/index.php?rest_route=\/wp\/v2\/pages"}],"about":[{"href":"https:\/\/jobcenter.lra-sm.de\/index.php?rest_route=\/wp\/v2\/types\/page"}],"author":[{"embeddable":true,"href":"https:\/\/jobcenter.lra-sm.de\/index.php?rest_route=\/wp\/v2\/users\/5"}],"replies":[{"embeddable":true,"href":"https:\/\/jobcenter.lra-sm.de\/index.php?rest_route=%2Fwp%2Fv2%2Fcomments&post=5788"}],"version-history":[{"count":36,"href":"https:\/\/jobcenter.lra-sm.de\/index.php?rest_route=\/wp\/v2\/pages\/5788\/revisions"}],"predecessor-version":[{"id":6464,"href":"https:\/\/jobcenter.lra-sm.de\/index.php?rest_route=\/wp\/v2\/pages\/5788\/revisions\/6464"}],"wp:attachment":[{"href":"https:\/\/jobcenter.lra-sm.de\/index.php?rest_route=%2Fwp%2Fv2%2Fmedia&parent=5788"}],"curies":[{"name":"wp","href":"https:\/\/api.w.org\/{rel}","templated":true}]}}