{"id":4267,"date":"2021-01-04T09:58:49","date_gmt":"2021-01-04T09:58:49","guid":{"rendered":"https:\/\/www.lra-sm.de\/jobcenter\/?page_id=4267"},"modified":"2021-08-16T08:15:15","modified_gmt":"2021-08-16T08:15:15","slug":"netzwerk-fuer-integration","status":"publish","type":"page","link":"https:\/\/jobcenter.lra-sm.de\/?page_id=4267","title":{"rendered":"Netzwerk f\u00fcr Integration"},"content":{"rendered":"\r\n<p>Das Netzwerk f\u00fcr Integration des Landkreises Schmalkalden-Meiningen engagiert sich f\u00fcr ein besseres Zusammenleben und eine bessere Verst\u00e4ndigung von hiesigen und zugewanderten Einwohnern. Dabei bietet es flexible und lebensnahe Strukturen, um\u00a0<strong>gesellschaftliche Teilhabe<\/strong>\u00a0von Migranten zu erm\u00f6glichen und die\u00a0<strong>interkulturelle \u00d6ffnung<\/strong>\u00a0unseres sozialen Lebens zu f\u00f6rdern. Es erm\u00f6glicht einen stetigen Informationsaustausch und \u00fcbernimmt eine Koordinations- und Planungsfunktion.\u00a0<\/p>\r\n\r\n\r\n\r\n<p>Hierf\u00fcr wurden die vorhandenen Kr\u00e4fte im Landkreis geb\u00fcndelt. Die Federf\u00fchrung des Netzwerkes wurde dabei durch das Landratsamt Schmalkalden-Meiningen, Fachdienst Ausl\u00e4nder- und Personenstandswesen, \u00fcbernommen. Der Zusammenschluss agiert \u00fcberparteilich, ist konfessionell nicht gebunden und verfolgt keine eigenen bzw. wirtschaftlichen Interessen. Das Netzwerk ist\u00a0<strong>Anlaufstelle und Informationsquelle f\u00fcr alle Mitb\u00fcrger<\/strong>\u00a0in Fragen der Integration.<\/p>\r\n\r\n\r\n\r\n<figure class=\"wp-block-image size-large is-resized\"><img loading=\"lazy\" decoding=\"async\" class=\"wp-image-4273\" src=\"https:\/\/jobcenter.lra-sm.de\/wp-content\/uploads\/2021\/01\/integration-3527263_1920_Bild-von-Gerd-Altmann-auf-Pixabay-1024x410.jpg\" alt=\"\" width=\"578\" height=\"231\" srcset=\"https:\/\/jobcenter.lra-sm.de\/wp-content\/uploads\/2021\/01\/integration-3527263_1920_Bild-von-Gerd-Altmann-auf-Pixabay-1024x410.jpg 1024w, https:\/\/jobcenter.lra-sm.de\/wp-content\/uploads\/2021\/01\/integration-3527263_1920_Bild-von-Gerd-Altmann-auf-Pixabay-300x120.jpg 300w, https:\/\/jobcenter.lra-sm.de\/wp-content\/uploads\/2021\/01\/integration-3527263_1920_Bild-von-Gerd-Altmann-auf-Pixabay-768x307.jpg 768w, https:\/\/jobcenter.lra-sm.de\/wp-content\/uploads\/2021\/01\/integration-3527263_1920_Bild-von-Gerd-Altmann-auf-Pixabay-1536x614.jpg 1536w, https:\/\/jobcenter.lra-sm.de\/wp-content\/uploads\/2021\/01\/integration-3527263_1920_Bild-von-Gerd-Altmann-auf-Pixabay.jpg 1920w\" sizes=\"(max-width: 578px) 100vw, 578px\" \/>\r\n<figcaption>Bild von Gerd Altmann auf Pixabay.<\/figcaption>\r\n<\/figure>\r\n\r\n\r\n\r\n<p>Die Gr\u00fcndung des Netzwerkes erfolgte im Dezember 2014.<\/p>\r\n\r\n\r\n\r\n<p>Die Webpr\u00e4senz des Netzwerkes f\u00fcr Integration des Landkreises Schmalkalden-Meiningen finden Sie unter<strong> <a href=\"https:\/\/www.integration-lk-sm.de\/\">Integration-lk-sm.de<\/a><\/strong><\/p>\r\n","protected":false},"excerpt":{"rendered":"Das Netzwerk f\u00fcr Integration des Landkreises Schmalkalden-Meiningen engagiert sich f\u00fcr ein besseres Zusammenleben und eine bessere Verst\u00e4ndigung von hiesigen und zugewanderten Einwohnern. Dabei bietet es flexible und lebensnahe Strukturen, um\u00a0gesellschaftliche Teilhabe\u00a0von Migranten zu erm\u00f6glichen und die\u00a0interkulturelle \u00d6ffnung\u00a0unseres sozialen Lebens zu f\u00f6rdern. Es erm\u00f6glicht einen stetigen Informationsaustausch und \u00fcbernimmt eine Koordinations- und Planungsfunktion.\u00a0 Hierf\u00fcr wurden die [&hellip;]","protected":false},"author":5,"featured_media":0,"parent":0,"menu_order":0,"comment_status":"closed","ping_status":"closed","template":"","meta":{"_et_pb_use_builder":"","_et_pb_old_content":"","_et_gb_content_width":"","footnotes":""},"class_list":["post-4267","page","type-page","status-publish","hentry"],"_links":{"self":[{"href":"https:\/\/jobcenter.lra-sm.de\/index.php?rest_route=\/wp\/v2\/pages\/4267","targetHints":{"allow":["GET"]}}],"collection":[{"href":"https:\/\/jobcenter.lra-sm.de\/index.php?rest_route=\/wp\/v2\/pages"}],"about":[{"href":"https:\/\/jobcenter.lra-sm.de\/index.php?rest_route=\/wp\/v2\/types\/page"}],"author":[{"embeddable":true,"href":"https:\/\/jobcenter.lra-sm.de\/index.php?rest_route=\/wp\/v2\/users\/5"}],"replies":[{"embeddable":true,"href":"https:\/\/jobcenter.lra-sm.de\/index.php?rest_route=%2Fwp%2Fv2%2Fcomments&post=4267"}],"version-history":[{"count":1,"href":"https:\/\/jobcenter.lra-sm.de\/index.php?rest_route=\/wp\/v2\/pages\/4267\/revisions"}],"predecessor-version":[{"id":5165,"href":"https:\/\/jobcenter.lra-sm.de\/index.php?rest_route=\/wp\/v2\/pages\/4267\/revisions\/5165"}],"wp:attachment":[{"href":"https:\/\/jobcenter.lra-sm.de\/index.php?rest_route=%2Fwp%2Fv2%2Fmedia&parent=4267"}],"curies":[{"name":"wp","href":"https:\/\/api.w.org\/{rel}","templated":true}]}}