{"id":3439,"date":"2020-03-09T14:23:20","date_gmt":"2020-03-09T14:23:20","guid":{"rendered":"https:\/\/www.lra-sm.de\/jobcenter\/?page_id=3439"},"modified":"2021-02-16T13:34:23","modified_gmt":"2021-02-16T13:34:23","slug":"fuer-arbeitnehmer-2","status":"publish","type":"page","link":"https:\/\/jobcenter.lra-sm.de\/?page_id=3439","title":{"rendered":"f\u00fcr Arbeitnehmer"},"content":{"rendered":"\n<p><strong>Kurze Erl\u00e4uterungen zu verschiedenen F\u00f6rderinstrumenten nach dem SGB II und SGB III<\/strong>:<\/p>\n\n\n\n<div style=\"height:20px\" aria-hidden=\"true\" class=\"wp-block-spacer\"><\/div>\n\n\n\n<p><strong>F\u00f6rderung aus dem Vermittlungsbudget<\/strong> <br>  (VB) \u00a716 SGB II (1) i.V.m. \u00a7 44 SGB III <\/p>\n\n\n\n<div class=\"wp-block-image\"><figure class=\"alignright is-resized\"><img loading=\"lazy\" decoding=\"async\" src=\"https:\/\/jobcenter.lra-sm.de\/wp-content\/uploads\/2020\/02\/SGB-Gesetzb\u00fccher-1.jpg\" alt=\"\" class=\"wp-image-3111\" width=\"155\" height=\"155\" srcset=\"https:\/\/jobcenter.lra-sm.de\/wp-content\/uploads\/2020\/02\/SGB-Gesetzb\u00fccher-1.jpg 224w, https:\/\/jobcenter.lra-sm.de\/wp-content\/uploads\/2020\/02\/SGB-Gesetzb\u00fccher-1-150x150.jpg 150w\" sizes=\"(max-width: 155px) 100vw, 155px\" \/><\/figure><\/div>\n\n\n\n<p>Erwerbsf\u00e4hige Hilfebed\u00fcrftige k\u00f6nnen zur Aufnahme bzw. Anbahnung einer <em>versicherungspflichtigen Besch\u00e4ftigung <\/em>notwendige finanzielle Unterst\u00fctzung beantragen. <\/p>\n\n\n\n<p>zum Beispiel: <\/p>\n\n\n\n<ul class=\"wp-block-list\"><li>Bewerbungskosten <\/li><li>Reisekosten zum Vorstellungsgespr\u00e4ch <\/li><li>Arbeitskleidung<\/li><\/ul>\n\n\n\n<div style=\"height:20px\" aria-hidden=\"true\" class=\"wp-block-spacer\"><\/div>\n\n\n\n<p><strong>Ma\u00dfnahmen zur Aktivierung und beruflichen Eingliederung<\/strong> <br>  \u00a7 16 (1) SGB II i. V. m. \u00a7 45 SGB III      <\/p>\n\n\n\n<p>Ma\u00dfnahmen zur Aktivierung und beruflichen Eingliederung dienen vorrangig dazu, die Voraussetzungen f\u00fcr eine Arbeitsaufnahme herbeizuf\u00fchren. <\/p>\n\n\n\n<p>Zu diesen Ma\u00dfnahmen z\u00e4hlen: <\/p>\n\n\n\n<ul class=\"wp-block-list\"><li>MAG &#8211; Ma\u00dfnahmen bei einem Arbeitgeber, sogenannte Probearbeit <\/li><\/ul>\n\n\n\n<ul class=\"wp-block-list\"><li>MAT &#8211; Ma\u00dfnahmen bei einen Tr\u00e4ger &#8211; Ma\u00dfnahmen mit einem Aktivierungs- und Vermittlungsgutschein (AVGS), \u00fcber den Europ\u00e4ischen Sozialfond ESF oder Zuweisungsma\u00dfnahmen in Form von Einzel- oder Gruppenma\u00dfnahmen <\/li><\/ul>\n\n\n\n<ul class=\"wp-block-list\"><li>MPAV \u2013 Ma\u00dfnahmen bei einem privaten Arbeitsvermittler<\/li><\/ul>\n\n\n\n<div style=\"height:20px\" aria-hidden=\"true\" class=\"wp-block-spacer\"><\/div>\n\n\n\n<p><strong>F\u00f6rderung der beruflichen Weiterbildung (FbW)<\/strong><br> \u00a7 16 (1) SGB II i. V. m. \u00a7\u00a7 81 ff. SGB III<\/p>\n\n\n\n<p>In einer sich st\u00e4ndig ver\u00e4ndernden Arbeitswelt kommt der Weiterbildung eine wichtige Rolle zu. Oft gelingt es, mit einer zielgerichteten Qualifikation am Arbeitsmarkt wieder Fu\u00df zu fassen. Hierf\u00fcr kann unter bestimmten Voraussetzungen ein Bildungsgutschein ausgeh\u00e4ndigt werden.<\/p>\n\n\n\n<p><strong>Berufliche Erstausbildung<\/strong> <br>  \u00a7 16 (1) SGB II i. V. m. \u00a7 54a und \u00a7\u00a7 74 ff. SGB III    <\/p>\n\n\n\n<p>Die Vermittlung in Ausbildung \u00fcbernimmt f\u00fcr das Kommunale Jobcenter Schmalkalden-Meiningen die Berufsberatung der Agentur f\u00fcr Arbeit (AfA). Unsere Sachbearbeiter Eingliederung in Arbeit, speziell f\u00fcr Jugendliche und junge Erwachsene, arbeiten Hand in Hand mit der Berufsberatung der AfA zusammen. Neben zahlreichen Angeboten der AfA bieten wir in enger Abstimmung mit der Berufsberatung Unterst\u00fctzung zur Erzielung eines Berufsabschlusses an. <\/p>\n\n\n\n<div class=\"wp-block-image\"><figure class=\"alignright size-large is-resized\"><img loading=\"lazy\" decoding=\"async\" src=\"https:\/\/jobcenter.lra-sm.de\/wp-content\/uploads\/2016\/05\/Walldorf-99-Kopie-e1464093492575-1024x797.jpg\" alt=\"\" class=\"wp-image-525\" width=\"209\" height=\"162\" srcset=\"https:\/\/jobcenter.lra-sm.de\/wp-content\/uploads\/2016\/05\/Walldorf-99-Kopie-e1464093492575-1024x797.jpg 1024w, https:\/\/jobcenter.lra-sm.de\/wp-content\/uploads\/2016\/05\/Walldorf-99-Kopie-e1464093492575-300x233.jpg 300w, https:\/\/jobcenter.lra-sm.de\/wp-content\/uploads\/2016\/05\/Walldorf-99-Kopie-e1464093492575-768x598.jpg 768w, https:\/\/jobcenter.lra-sm.de\/wp-content\/uploads\/2016\/05\/Walldorf-99-Kopie-e1464093492575.jpg 1700w\" sizes=\"(max-width: 209px) 100vw, 209px\" \/><figcaption>Foto: AFZ Walldorf<\/figcaption><\/figure><\/div>\n\n\n\n<p>Beispielsweise: <\/p>\n\n\n\n<ul class=\"wp-block-list\"><li><strong>Einstiegsqualifizierung f\u00fcr Jugendliche<\/strong> <strong>(EQ)<\/strong> <ul><li>\u00a7 16 (1) SGB II i. V. m. \u00a7 54a SGB III           <strong> <\/strong><\/li><\/ul><\/li><\/ul>\n\n\n\n<ul class=\"wp-block-list\"><li><strong>Ausbildungsbegleitende Hilfen (abH)<\/strong> <strong> <\/strong><ul><li>\u00a7 16 (1) SGB II i. V. m. \u00a7 75 SGB III <\/li><\/ul><\/li><\/ul>\n\n\n\n<ul class=\"wp-block-list\"><li><strong>Au\u00dferbetriebliche Berufsausbildungen (BaE)<\/strong> <ul><li>\u00a7 16 (1) SGB II i. V. m. \u00a7 76 SGB III  <\/li><\/ul><\/li><\/ul>\n\n\n\n<div style=\"height:20px\" aria-hidden=\"true\" class=\"wp-block-spacer\"><\/div>\n\n\n\n<p><strong>F\u00f6rderung mit dem Einstiegsgeld<\/strong>  <br>  (ESG) \u00a7 16b SGB II                                                                          <\/p>\n\n\n\n<p>Die F\u00f6rderung mit dem Einstiegsgeld ist eine Ermessensleistung der aktiven Arbeitsf\u00f6rderung f\u00fcr erwerbsf\u00e4hige Leistungsberechtige, die arbeitslos sind. Es kann bei der Aufnahme einer sozialversicherungspflichtigen Besch\u00e4ftigung oder selbstst\u00e4ndigen T\u00e4tigkeit erbracht werden, wenn es f\u00fcr die Eingliederung in den Arbeitsmarkt erforderlich ist und durch oder nach Aufnahme der T\u00e4tigkeit die Hilfebed\u00fcrftigkeit entf\u00e4llt.<\/p>\n\n\n\n<p> <strong> F\u00f6rderung von Arbeitsgelegenheiten<\/strong><br> \u00a7 16d SGB II                                                                                                     <\/p>\n\n\n\n<p>In Erg\u00e4nzung zu oben genannten F\u00f6rderinstrumenten kann Ihnen zur Erhaltung oder Wiedererlangung der Besch\u00e4ftigungsf\u00e4higkeit und zur sozialen Teilhabe die Teilnahme an einer \u00f6ffentlich gef\u00f6rderten Besch\u00e4ftigung angeboten werden. Fragen Sie dazu Ihren Sachbearbeiter Eingliederung in Arbeit.<\/p>\n\n\n\n<p><strong>Freie F\u00f6rderung<\/strong><br> \u00a7 16f SGB II                                                                                                        <\/p>\n\n\n\n<p>Die M\u00f6glichkeiten der gesetzlich geregelten Eingliederungsleistungen k\u00f6nnen durch freie Leistungen erg\u00e4nzt werden.<\/p>\n\n\n\n<p><strong>Leistungen zur Eingliederung von Selbstst\u00e4ndigen<\/strong><br> \u00a7 16c SGB II<\/p>\n\n\n\n<p>Gr\u00fcndungswillige und selbstst\u00e4ndige erwerbsf\u00e4hige Leistungsberechtigte k\u00f6nnen w\u00e4hrend des Gr\u00fcndungsprozesses mit unterschiedlichen Eingliederungsleistungen beim Aufbau einer nachhaltigen Selbstst\u00e4ndigkeit unterst\u00fctzt werden. Eine ausf\u00fchrliche Beratung und Pr\u00fcfung durch die spezialisierten Ansprechpartner im Jobcenter ist dazu notwendig.<\/p>\n\n\n\n<p><strong>Kommunale Eingliederungsleistungen<br><\/strong>\u00a7 16a SGB II<\/p>\n\n\n\n<p>Zur Verwirklichung einer ganzheitlichen und umfassenden Betreuung und Unterst\u00fctzung bei der Eingliederung in Arbeit k\u00f6nnen Kontakte zu den kommunalen Netzwerkpartnern hergestellt werden, etwa zur Schuldner- und Verbraucherinsolvenzberatungsstelle, Suchtberatung oder zum sozialpsychiatrischen Dienst.<\/p>\n","protected":false},"excerpt":{"rendered":"Kurze Erl\u00e4uterungen zu verschiedenen F\u00f6rderinstrumenten nach dem SGB II und SGB III: F\u00f6rderung aus dem Vermittlungsbudget (VB) \u00a716 SGB II (1) i.V.m. \u00a7 44 SGB III Erwerbsf\u00e4hige Hilfebed\u00fcrftige k\u00f6nnen zur Aufnahme bzw. Anbahnung einer versicherungspflichtigen Besch\u00e4ftigung notwendige finanzielle Unterst\u00fctzung beantragen. zum Beispiel: Bewerbungskosten Reisekosten zum Vorstellungsgespr\u00e4ch Arbeitskleidung Ma\u00dfnahmen zur Aktivierung und beruflichen Eingliederung \u00a7 16 [&hellip;]","protected":false},"author":6,"featured_media":0,"parent":263,"menu_order":0,"comment_status":"closed","ping_status":"closed","template":"","meta":{"_et_pb_use_builder":"","_et_pb_old_content":"","_et_gb_content_width":"","footnotes":""},"class_list":["post-3439","page","type-page","status-publish","hentry"],"_links":{"self":[{"href":"https:\/\/jobcenter.lra-sm.de\/index.php?rest_route=\/wp\/v2\/pages\/3439","targetHints":{"allow":["GET"]}}],"collection":[{"href":"https:\/\/jobcenter.lra-sm.de\/index.php?rest_route=\/wp\/v2\/pages"}],"about":[{"href":"https:\/\/jobcenter.lra-sm.de\/index.php?rest_route=\/wp\/v2\/types\/page"}],"author":[{"embeddable":true,"href":"https:\/\/jobcenter.lra-sm.de\/index.php?rest_route=\/wp\/v2\/users\/6"}],"replies":[{"embeddable":true,"href":"https:\/\/jobcenter.lra-sm.de\/index.php?rest_route=%2Fwp%2Fv2%2Fcomments&post=3439"}],"version-history":[{"count":0,"href":"https:\/\/jobcenter.lra-sm.de\/index.php?rest_route=\/wp\/v2\/pages\/3439\/revisions"}],"up":[{"embeddable":true,"href":"https:\/\/jobcenter.lra-sm.de\/index.php?rest_route=\/wp\/v2\/pages\/263"}],"wp:attachment":[{"href":"https:\/\/jobcenter.lra-sm.de\/index.php?rest_route=%2Fwp%2Fv2%2Fmedia&parent=3439"}],"curies":[{"name":"wp","href":"https:\/\/api.w.org\/{rel}","templated":true}]}}