{"id":289,"date":"2026-02-16T05:00:25","date_gmt":"2026-02-16T05:00:25","guid":{"rendered":"http:\/\/www.lra-sm.de\/jobcenter\/?page_id=289"},"modified":"2026-02-16T10:28:01","modified_gmt":"2026-02-16T10:28:01","slug":"eingliederung-in-arbeit","status":"publish","type":"page","link":"https:\/\/jobcenter.lra-sm.de\/?page_id=289","title":{"rendered":"Eingliederung in Arbeit"},"content":{"rendered":"<p><strong>Beratung &#8211; Begleitung &#8211; Unterst\u00fctzung<\/strong><\/p>\n<div id=\"attachment_5923\" style=\"width: 225px\" class=\"wp-caption alignright\"><a href=\"https:\/\/jobcenter.lra-sm.de\/wp-content\/uploads\/2023\/04\/Broschuere-Buergergeld_a430-grundsicherung-fuer-arbeitsuchende-sgb-ii.pdf\" download=\"\"><img loading=\"lazy\" decoding=\"async\" aria-describedby=\"caption-attachment-5923\" class=\"wp-image-5923 size-medium\" src=\"https:\/\/jobcenter.lra-sm.de\/wp-content\/uploads\/2023\/04\/Broschuere_2_Screenshot-2023-04-25-124341-215x300.jpg\" alt=\"\" width=\"215\" height=\"300\" \/><\/a><p id=\"caption-attachment-5923\" class=\"wp-caption-text\">Herausgeber der Brosch\u00fcre \u201eB\u00fcrgergeld \/ Grundsicherung f\u00fcr Arbeitsuchende\u201c: Bundesministerium f\u00fcr Arbeit und Soziales, Referat Information, Monitoring, B\u00fcrgerservice, Bonn.<\/p><\/div>\n<p>Das <a href=\"http:\/\/www.gesetze-im-internet.de\/sgb_2\/index.html\"><strong>Sozialgesetzbuch Buch II (SGB II)<\/strong><\/a> definiert nach \u00a7 1 die Aufgabe und Zielstellung der Grundsicherung f\u00fcr Arbeitsuchende darin, die Eigenverantwortung von erwerbsf\u00e4higen Leistungsberechtigten zu st\u00e4rken und dazu bei zu tragen, dass sie ihren Lebensunterhalt unabh\u00e4ngig von der Grundsicherung aus eigenen Mitteln und Kr\u00e4ften bestreiten k\u00f6nnen. Sie soll erwerbsf\u00e4hige Leistungsberechtigte bei der Aufnahme oder Beibehaltung einer Erwerbst\u00e4tigkeit unterst\u00fctzen und den Lebensunterhalt sichern, soweit sie ihn nicht auf andere Weise bestreiten k\u00f6nnen.<\/p>\n<p>Der Grundsatz des Forderns nach \u00a7 2 ist ein weiterer wichtiger Aspekt des SGB II. Erwerbsf\u00e4hige Leistungsberechtigte m\u00fcssen alle M\u00f6glichkeiten zur Beendigung oder Verringerung ihrer Hilfebed\u00fcrftigkeit aussch\u00f6pfen und aktiv an allen Ma\u00dfnahmen zu ihrer Eingliederung in Arbeit mitwirken. Es sind in eigener Verantwortung alle M\u00f6glichkeiten zu nutzen, den Lebensunterhalt aus eigenen Mitteln und Kr\u00e4ften zu bestreiten.<\/p>\n<p>Auf dieser Basis erhalten Sie an den Standorten Meiningen und Schmalkalden sachkundige und rechtssichere Beratung im Sinne des Sozialgesetzbuches Zweites Buch (SGB II).<\/p>\n<p>Die Sachbearbeiter Eingliederung in Arbeit beraten Sie unter Ber\u00fccksichtigung Ihrer pers\u00f6nlichen Situation zu Ihren Rechten und Pflichten. Wir sprechen mit Ihnen vertraulich \u00fcber Unterst\u00fctzungsangebote, die Ihnen den Weg zur\u00fcck in das Arbeitsleben erleichtern sollen.<\/p>\n<p>Bei Bedarf k\u00f6nnen Netzwerkpartner z.B. Beratungsstellen, Bildungs- und Sprachkurstr\u00e4ger eingebunden werden.<\/p>\n<div id=\"attachment_1011\" style=\"width: 210px\" class=\"wp-caption alignleft\"><a href=\"https:\/\/jobcenter.lra-sm.de\/wp-content\/uploads\/2016\/01\/DSC2789.jpg\"><img loading=\"lazy\" decoding=\"async\" aria-describedby=\"caption-attachment-1011\" class=\"wp-image-1011 size-medium\" src=\"https:\/\/jobcenter.lra-sm.de\/wp-content\/uploads\/2016\/01\/DSC2789-200x300.jpg\" alt=\"Foto: LRA\" width=\"200\" height=\"300\" srcset=\"https:\/\/jobcenter.lra-sm.de\/wp-content\/uploads\/2016\/01\/DSC2789-200x300.jpg 200w, https:\/\/jobcenter.lra-sm.de\/wp-content\/uploads\/2016\/01\/DSC2789-768x1152.jpg 768w, https:\/\/jobcenter.lra-sm.de\/wp-content\/uploads\/2016\/01\/DSC2789-683x1024.jpg 683w\" sizes=\"(max-width: 200px) 100vw, 200px\" \/><\/a><p id=\"caption-attachment-1011\" class=\"wp-caption-text\">Foto: LRA<\/p><\/div>\n<p>In Beratungsgespr\u00e4chen, zu denen Sie von Ihrem Sachbearbeiter Eingliederung in Arbeit regelm\u00e4\u00dfig eingeladen werden, sollten Sie besondere Anliegen und berufliche Ziele thematisieren, damit wir Ihnen im Rahmen der gesetzlichen M\u00f6glichkeiten eine zielgerichtete Unterst\u00fctzung anbieten k\u00f6nnen.<\/p>\n<p>Selbstverst\u00e4ndlich k\u00f6nnen Sie jederzeit mit ihrem zust\u00e4ndigen Sachbearbeiter Eingliederung in Arbeit einen Termin vereinbaren.<\/p>\n<p><strong>Ansprechpartner Eingliederung in Arbeit<\/strong><\/p>\n<p>An <a href=\"https:\/\/jobcenter.lra-sm.de\/?page_id=244\">beiden Standorten<\/a> steht jeweils ein Team in allen Fragen im Zusammenhang mit der Eingliederung in Arbeit beratend und unterst\u00fctzend f\u00fcr Sie bereit. Entsprechend Ihrer individuellen Voraussetzungen, bezogen auf Alter, gesundheitliche Situation oder Migrationshintergrund, werden Sie durch spezialisierte Sachbearbeiter Eingliederung in Arbeit betreut.<\/p>\n<p>&nbsp;<\/p>\n<div  class=\"mp-row-fluid motopress-row\">\n<div class=\"mp-span10 motopress-clmn\">\n<div class=\"motopress-accordion-obj motopress-accordion\" id=\"69f0786e158b9\">\n<div class=\"motopress-accordion-item\">\n<h3>Kontakt<\/h3>\n<div>\n<strong>Meiningen:<br \/>\n<\/strong>Landratsamt Schmalkalden-Meiningen<br \/>\nFachbereich Arbeit &#8211; FD Eingliederung in Arbeit Meiningen<br \/>\nObertsh\u00e4user Platz 1<br \/>\n98617 Meiningen<br \/>\nTel.: 03693 \u00a0485 8444<br \/>\nE-Mail: <a href=\"mailto:sst_jobcenter@lra-sm.de\">sst_jobcenter(a)lra-sm.de<\/a><\/p>\n<p><strong><a href=\"https:\/\/jobcenter.lra-sm.de\/wp-content\/uploads\/2020\/10\/Einwilligung-E-Mail-Kommunikation.pdf\" download=\"=\">Einwilligung<\/a>\u00a0<\/strong>der Nutzung der E-Mail-Kommunikation mit dem Kommunalen Jobcenter<\/p>\n<p>Bitte nutzen Sie unser<a href=\"https:\/\/jobcenter.lra-sm.de\/?page_id=246\"><strong> Kontaktformular<\/strong><\/a>.22<\/p>\n<\/div>\n<\/div>\n<div class=\"motopress-accordion-item\">\n<h3>Merkbl\u00e4tter und Informationen<\/h3>\n<div>\n<p><a href=\"https:\/\/jobcenter.lra-sm.de\/wp-content\/uploads\/2024\/06\/LRA-Merkblatt-SGB-II_06-2024-1.pdf\" download=\"\">Merkblatt Grundsicherung f\u00fcr Arbeitsuchende SGB II des Kommunalen Jobcenters<\/a><\/p>\n<p><a href=\"https:\/\/jobcenter.lra-sm.de\/?page_id=1343\">Informationen zur Antragstellung B\u00fcrgergeld und zu geplantem Umzug finden Sie hier in verschiedenen Sprachen.<\/a><\/p>\n<p><a href=\"https:\/\/jobcenter.lra-sm.de\/wp-content\/uploads\/2026\/02\/Uebersicht-Personaldienstleister-Stand-02_2026-1.pdf\" download=\"\">Personaldienstleister der Region<\/a><\/p>\n<\/div>\n<\/div>\n<div class=\"motopress-accordion-item\">\n<h3>N\u00fctzliche Links<\/h3>\n<div>\n<p><a href=\"https:\/\/www.arbeitsagentur.de\/aktivierungs-vermittlungsgutschein-avgs\">Aktivierungs- und Vermittlungsgutschein-avgs &#8211; arbeitsagentur<\/a><\/p>\n<p><a href=\"https:\/\/kursnet-finden.arbeitsagentur.de\/kurs\/\">kursnet-finden.arbeitsagentur.de<\/a><\/p>\n<\/div>\n<\/div>\n<div class=\"motopress-accordion-item\">\n<h3>Informationen nach der DSGVO<\/h3>\n<div>\n<p><a href=\"https:\/\/jobcenter.lra-sm.de\/wp-content\/uploads\/2026\/02\/Vorlage-Infopflicht-Art.-13-und-14-DSGVO.pdf\" download=\"\">Informationen nach der DSGV25O<\/a><\/p>\n<\/div>\n<\/div>\n<p class=\"motopress-hide-script\"><script type=\"text\/javascript\">\n                jQuery(document).ready(function($) {\n                    var mpAccordion = $(\".motopress-accordion-obj#69f0786e158b9\");\n                    if (mpAccordion.data(\"uiAccordion\")) {\n                        mpAccordion.accordion(\"destroy\");\n                    }\n                    mpAccordion.accordion({\n                        active: false,\n                        collapsible: true,\n                        header: \"> div > h3\",\n                        heightStyle: \"content\"\n                    });\n                });\n                <\/script><\/p>\n<\/div>\n<\/div>\n<\/div>\n","protected":false},"excerpt":{"rendered":"Beratung &#8211; Begleitung &#8211; Unterst\u00fctzung Das Sozialgesetzbuch Buch II (SGB II) definiert nach \u00a7 1 die Aufgabe und Zielstellung der Grundsicherung f\u00fcr Arbeitsuchende darin, die Eigenverantwortung von erwerbsf\u00e4higen Leistungsberechtigten zu st\u00e4rken und dazu bei zu tragen, dass sie ihren Lebensunterhalt unabh\u00e4ngig von der Grundsicherung aus eigenen Mitteln und Kr\u00e4ften bestreiten k\u00f6nnen. Sie soll erwerbsf\u00e4hige Leistungsberechtigte [&hellip;]","protected":false},"author":4,"featured_media":0,"parent":263,"menu_order":0,"comment_status":"closed","ping_status":"closed","template":"","meta":{"_et_pb_use_builder":"","_et_pb_old_content":"","_et_gb_content_width":"","footnotes":""},"class_list":["post-289","page","type-page","status-publish","hentry"],"_links":{"self":[{"href":"https:\/\/jobcenter.lra-sm.de\/index.php?rest_route=\/wp\/v2\/pages\/289","targetHints":{"allow":["GET"]}}],"collection":[{"href":"https:\/\/jobcenter.lra-sm.de\/index.php?rest_route=\/wp\/v2\/pages"}],"about":[{"href":"https:\/\/jobcenter.lra-sm.de\/index.php?rest_route=\/wp\/v2\/types\/page"}],"author":[{"embeddable":true,"href":"https:\/\/jobcenter.lra-sm.de\/index.php?rest_route=\/wp\/v2\/users\/4"}],"replies":[{"embeddable":true,"href":"https:\/\/jobcenter.lra-sm.de\/index.php?rest_route=%2Fwp%2Fv2%2Fcomments&post=289"}],"version-history":[{"count":18,"href":"https:\/\/jobcenter.lra-sm.de\/index.php?rest_route=\/wp\/v2\/pages\/289\/revisions"}],"predecessor-version":[{"id":6585,"href":"https:\/\/jobcenter.lra-sm.de\/index.php?rest_route=\/wp\/v2\/pages\/289\/revisions\/6585"}],"up":[{"embeddable":true,"href":"https:\/\/jobcenter.lra-sm.de\/index.php?rest_route=\/wp\/v2\/pages\/263"}],"wp:attachment":[{"href":"https:\/\/jobcenter.lra-sm.de\/index.php?rest_route=%2Fwp%2Fv2%2Fmedia&parent=289"}],"curies":[{"name":"wp","href":"https:\/\/api.w.org\/{rel}","templated":true}]}}