{"id":267,"date":"2026-02-16T03:00:22","date_gmt":"2026-02-16T03:00:22","guid":{"rendered":"http:\/\/www.lra-sm.de\/jobcenter\/?page_id=267"},"modified":"2026-02-16T10:51:03","modified_gmt":"2026-02-16T10:51:03","slug":"ansprechpartner","status":"publish","type":"page","link":"https:\/\/jobcenter.lra-sm.de\/?page_id=267","title":{"rendered":"Ihre Ansprechpartnerinnen des Arbeitgeberservices im Kommunalen Jobcenter"},"content":{"rendered":"<p><strong>Fachdienst Eingliederung in Arbeit Meiningen<br \/><\/strong><strong>Arbeitgeberservice<br \/><br \/><\/strong>Frau Scholze<br \/>Bereich Meiningen, VG Hohe Rh\u00f6n, Rh\u00f6nblick, VG Grabfeld, VG Wasungen Amt-Sand<\/p>\r\n<p>Haus II\/Raum 135<br \/>Tel.: 03693 485 8531<br \/>Handy: 0173 6546356<br \/>Fax: 03693 485 8580<br \/>E-Mail: <a href=\"mailto:ags_jobcenter@lra-sm.de\">ags_jobcenter(a)lra-sm.de<\/a><\/p>\r\n<p><br \/>Frau Scholze<br \/>Bereich Zella-Mehlis, Oberhof, Steinbach-Hallenberg, VG Dolmar-Salzbr\u00fccke, Floh-Seligenthal, Schmalkalden, Breitungen, Brotterode-Trusetal,\u00a0<\/p>\r\n<p>Haus II\/Raum 135<br \/>Tel.: 03693 485 8531<br \/>Fax: 03693 485 8580<br \/>E-Mail: <a href=\"mailto:ags_jobcenter@lra-sm.de\">ags_jobcenter(a)lra-sm.de<\/a><\/p>\r\n<p><strong><a href=\"https:\/\/jobcenter.lra-sm.de\/wp-content\/uploads\/2020\/10\/Einwilligung-E-Mail-Kommunikation.pdf\" download=\"=\">Einwilligung<\/a>\u00a0<\/strong>zur Nutzung der E-Mail-Kommunikation mit dem Kommunalen Jobcenter.<\/p>\r\n<p><strong>Servicezeiten<br \/><\/strong>Sie erreichen uns telefonisch innerhalb der regul\u00e4ren Servicezeiten des Kommunalen Jobcenters.<strong>\u00a0\u00a0\u00a0\u00a0<\/strong><\/p>\r\n\n<table id=\"tablepress-10\" class=\"tablepress tablepress-id-10\">\n<tbody>\n<tr class=\"row-1\">\n\t<td class=\"column-1\">Montag<\/td><td class=\"column-2\"> 8:30 Uhr bis 12:00 Uhr<\/td><td class=\"column-3\">und<\/td><td class=\"column-4\">13:00 Uhr bis 15:30 Uhr<\/td>\n<\/tr>\n<tr class=\"row-2\">\n\t<td class=\"column-1\">Dienstag<\/td><td class=\"column-2\"> 8:30 Uhr bis 12:00 Uhr<\/td><td class=\"column-3\">und<\/td><td class=\"column-4\">13:00 Uhr bis 15:30 Uhr<\/td>\n<\/tr>\n<tr class=\"row-3\">\n\t<td class=\"column-1\">Mittwoch<\/td><td class=\"column-2\">8:30 Uhr bis 12:00 Uhr<\/td><td class=\"column-3\">und<\/td><td class=\"column-4\">13:00 Uhr bis 15:30 Uhr<\/td>\n<\/tr>\n<tr class=\"row-4\">\n\t<td class=\"column-1\">Donnerstag<\/td><td class=\"column-2\"> 8:30 Uhr bis 12:00 Uhr<\/td><td class=\"column-3\">und<\/td><td class=\"column-4\">13:00 Uhr bis 17:30 Uhr<\/td>\n<\/tr>\n<tr class=\"row-5\">\n\t<td class=\"column-1\">Freitag<\/td><td class=\"column-2\"> 8:30 Uhr bis 12:00 Uhr<\/td><td class=\"column-3\"><\/td><td class=\"column-4\"><\/td>\n<\/tr>\n<\/tbody>\n<\/table>\n<!-- #tablepress-10 from cache -->\r\n<p>Dar\u00fcber hinaus sind selbstverst\u00e4ndlich individuelle Kontaktaufnahmen jederzeit m\u00f6glich. Bitte vereinbaren Sie mit uns einen <a href=\"https:\/\/jobcenter.lra-sm.de\/?page_id=5730\"><strong>Termin<\/strong><\/a> vor einer pers\u00f6nlichen Vorsprache.\u00a0<br \/>___________________________________________________________________________<\/p>\r\n<h4><a href=\"https:\/\/www.arbeitsagentur.de\/vor-ort\/thueringen-suedwest\/arbeitgeberservice-suhl-sm\"><strong>Ihre Ansprechpartner des Arbeitgeberservices der Agentur f\u00fcr Arbeit in der Region Suhl und Schmalkalden-Meiningen.<\/strong> Internetseite der Bundesagentur f\u00fcr Arbeit<\/a><\/h4>\r\n<p><div class=\"mp-span6 motopress-clmn\"><\/p>\r\n<p><div class=\"motopress-accordion-obj motopress-accordion\" id=\"69f4cb2ff1a11\"><\/div><\/p>\r\n<p><\/div><\/p>\r\n<div  class=\"mp-row-fluid motopress-row\">\n\r\n\r\n<div class=\"mp-span10 motopress-clmn\">\n\r\n\r\n\r\n<p><div class=\"motopress-accordion-obj motopress-accordion\" id=\"69f4cb2ff1af4\"><\/p>\r\n\r\n\r\n<div class=\"motopress-accordion-item\">\n<h3>Informationen nach der DSGVO<\/h3>\n<div>\n\r\n\r\n\r\n<p><a href=\"https:\/\/jobcenter.lra-sm.de\/wp-content\/uploads\/2026\/02\/Vorlage-Infopflicht-Art.-13-und-14-DSGVO.pdf\" download=\"\">Informationen nach der DSGVO<\/a><\/p>\r\n\r\n\r\n\r\n<p><\/div><\/div><\/p>\r\n\r\n\r\n\r\n<p><p class=\"motopress-hide-script\"><script type=\"text\/javascript\">\r\n                jQuery(document).ready(function($) {\r\n                    var mpAccordion = $(\".motopress-accordion-obj#69f4cb2ff1af4\");\r\n                    if (mpAccordion.data(\"uiAccordion\")) {\r\n                        mpAccordion.accordion(\"destroy\");\r\n                    }\r\n                    mpAccordion.accordion({\r\n                        active: false,\r\n                        collapsible: true,\r\n                        header: \"> div > h3\",\r\n                        heightStyle: \"content\"\r\n                    });\r\n                });\r\n                <\/script><\/p><\/div><br \/><\/div><br \/><\/div><\/p>\r\n","protected":false},"excerpt":{"rendered":"Fachdienst Eingliederung in Arbeit MeiningenArbeitgeberservice Frau ScholzeBereich Meiningen, VG Hohe Rh\u00f6n, Rh\u00f6nblick, VG Grabfeld, VG Wasungen Amt-Sand Haus II\/Raum 135Tel.: 03693 485 8531Handy: 0173 6546356Fax: 03693 485 8580E-Mail: ags_jobcenter(a)lra-sm.de Frau ScholzeBereich Zella-Mehlis, Oberhof, Steinbach-Hallenberg, VG Dolmar-Salzbr\u00fccke, Floh-Seligenthal, Schmalkalden, Breitungen, Brotterode-Trusetal,\u00a0 Haus II\/Raum 135Tel.: 03693 485 8531Fax: 03693 485 8580E-Mail: ags_jobcenter(a)lra-sm.de Einwilligung\u00a0zur Nutzung der E-Mail-Kommunikation mit [&hellip;]","protected":false},"author":4,"featured_media":0,"parent":261,"menu_order":0,"comment_status":"closed","ping_status":"closed","template":"","meta":{"_et_pb_use_builder":"","_et_pb_old_content":"","_et_gb_content_width":"","footnotes":""},"class_list":["post-267","page","type-page","status-publish","hentry"],"_links":{"self":[{"href":"https:\/\/jobcenter.lra-sm.de\/index.php?rest_route=\/wp\/v2\/pages\/267","targetHints":{"allow":["GET"]}}],"collection":[{"href":"https:\/\/jobcenter.lra-sm.de\/index.php?rest_route=\/wp\/v2\/pages"}],"about":[{"href":"https:\/\/jobcenter.lra-sm.de\/index.php?rest_route=\/wp\/v2\/types\/page"}],"author":[{"embeddable":true,"href":"https:\/\/jobcenter.lra-sm.de\/index.php?rest_route=\/wp\/v2\/users\/4"}],"replies":[{"embeddable":true,"href":"https:\/\/jobcenter.lra-sm.de\/index.php?rest_route=%2Fwp%2Fv2%2Fcomments&post=267"}],"version-history":[{"count":38,"href":"https:\/\/jobcenter.lra-sm.de\/index.php?rest_route=\/wp\/v2\/pages\/267\/revisions"}],"predecessor-version":[{"id":6595,"href":"https:\/\/jobcenter.lra-sm.de\/index.php?rest_route=\/wp\/v2\/pages\/267\/revisions\/6595"}],"up":[{"embeddable":true,"href":"https:\/\/jobcenter.lra-sm.de\/index.php?rest_route=\/wp\/v2\/pages\/261"}],"wp:attachment":[{"href":"https:\/\/jobcenter.lra-sm.de\/index.php?rest_route=%2Fwp%2Fv2%2Fmedia&parent=267"}],"curies":[{"name":"wp","href":"https:\/\/api.w.org\/{rel}","templated":true}]}}